{"id":5077,"date":"2018-06-12T16:11:07","date_gmt":"2018-06-12T14:11:07","guid":{"rendered":"https:\/\/www.herbaplastic.ch\/ueberuns\/"},"modified":"2024-12-05T10:14:42","modified_gmt":"2024-12-05T09:14:42","slug":"ueberuns","status":"publish","type":"page","link":"https:\/\/www.herbaplastic.ch\/fr\/ueberuns\/","title":{"rendered":"Nous concernant"},"content":{"rendered":"<div class=\"wpb-content-wrapper\"><p>[vc_row full_width=\u00a0\u00bbstretch_row_content_no_spaces\u00a0\u00bb conditional_render=\u00a0\u00bb%5B%7B%22value_role%22%3A%22administrator%22%7D%5D\u00a0\u00bb css=\u00a0\u00bb.vc_custom_1733148836686{margin-top: -5px !important;}\u00a0\u00bb css_params=\u00a0\u00bb\u00a0\u00bb][vc_column][vc_single_image image=\u00a0\u00bb4809&Prime; img_size=\u00a0\u00bbfull\u00a0\u00bb css=\u00a0\u00bb\u00a0\u00bb css_params=\u00a0\u00bb\u00a0\u00bb][\/vc_column][\/vc_row][vc_row css=\u00a0\u00bb.vc_custom_1733151328124{padding-left: 25px !important;}\u00a0\u00bb conditional_render=\u00a0\u00bb%5B%7B%22value_role%22%3A%22administrator%22%7D%5D\u00a0\u00bb css_params=\u00a0\u00bb\u00a0\u00bb][vc_column][vc_custom_heading text=\u00a0\u00bbTradition et dynamisme\u00a0\u00bb font_container=\u00a0\u00bbtag:h1|text_align:left\u00a0\u00bb use_theme_fonts=\u00a0\u00bbyes\u00a0\u00bb css=\u00a0\u00bb\u00a0\u00bb css_params=\u00a0\u00bb\u00a0\u00bb][\/vc_column][\/vc_row][vc_row css=\u00a0\u00bb.vc_custom_1733151363458{padding-left: 50px !important;}\u00a0\u00bb conditional_render=\u00a0\u00bb%5B%7B%22value_role%22%3A%22administrator%22%7D%5D\u00a0\u00bb css_params=\u00a0\u00bb\u00a0\u00bb][vc_column][vc_wp_text]<\/p>\n<p style=\"text-align: left;\">Nous sommes une PME familiale riche de sa tradition (fond\u00e9e en 1920) et sp\u00e9cialis\u00e9e dans la transformation des films et plaques de plastique.<\/p>\n<p style=\"text-align: left;\">Notre cr\u00e9ativit\u00e9 et notre savoir-faire nous permettent de d\u00e9velopper des solutions sp\u00e9cifiques et parfaitement adapt\u00e9es aux besoins de notre client\u00e8le, et ceci dans les meilleurs d\u00e9lais gr\u00e2ce \u00e0 la flexibilit\u00e9 de nos \u00e9quipes et la performance de notre syst\u00e8me de planification.<\/p>\n<p>En tant que sp\u00e9cialistes de la transformation des mati\u00e8res plastiques, notre objectif est de produire et de commercialiser des produits r\u00e9fl\u00e9chis et de haute qualit\u00e9 pour toute l\u2019Europe.<br \/>\n[\/vc_wp_text][\/vc_column][\/vc_row][vc_row css=\u00a0\u00bb.vc_custom_1733151387944{padding-left: 25px !important;}\u00a0\u00bb conditional_render=\u00a0\u00bb%5B%7B%22value_role%22%3A%22administrator%22%7D%5D\u00a0\u00bb css_params=\u00a0\u00bb\u00a0\u00bb][vc_column][vc_custom_heading text=\u00a0\u00bbDates cl\u00e9s\u00a0\u00bb font_container=\u00a0\u00bbtag:h1|text_align:left\u00a0\u00bb use_theme_fonts=\u00a0\u00bbyes\u00a0\u00bb css=\u00a0\u00bb\u00a0\u00bb css_params=\u00a0\u00bb\u00a0\u00bb][\/vc_column][\/vc_row][vc_row full_width=\u00a0\u00bbstretch_row\u00a0\u00bb conditional_render=\u00a0\u00bb%5B%7B%22value_role%22%3A%22administrator%22%7D%5D\u00a0\u00bb css=\u00a0\u00bb.vc_custom_1733151401765{padding-left: 50px !important;}\u00a0\u00bb css_params=\u00a0\u00bb\u00a0\u00bb][vc_column width=\u00a0\u00bb5\/6&Prime;]<div class=\"porto-history wpb_content_element \"><div class=\"thumb\"><img loading=\"lazy\" decoding=\"async\" class=\"\" src=\"https:\/\/www.herbaplastic.ch\/wp-content\/uploads\/2024\/01\/Webshop24-145x145.jpg\" width=\"145\" height=\"145\" alt=\"Webshop24\" title=\"Webshop24\" \/><\/div><div class=\"featured-box\"><div class=\"box-content\"><h4 class=\"heading-primary\"><strong>2024<\/strong><\/h4><p><strong>Nouvelle boutique<br \/>\n<\/strong>En ligne avec des articles en plastique recycl\u00e9, enti\u00e8rement int\u00e9gr\u00e9e \u00e0 l\u2019ERP.<\/p>\n<\/div><\/div><\/div><div class=\"porto-history wpb_content_element \"><div class=\"thumb\"><img loading=\"lazy\" decoding=\"async\" class=\"\" src=\"https:\/\/www.herbaplastic.ch\/wp-content\/uploads\/2024\/11\/A-100-Logo-Herba-Plastic-145x129.png\" width=\"145\" height=\"129\" alt=\"A-100-Logo-Herba-Plastic\" title=\"A-100-Logo-Herba-Plastic\" \/><\/div><div class=\"featured-box\"><div class=\"box-content\"><h4 class=\"heading-primary\"><strong>2020<\/strong><\/h4><p><strong>Le centenaire de Herba-Plastic<br \/>\n<\/strong>Reprise de la Soci\u00e9t\u00e9 par Markus Gasser.<br \/>\nIntegration de Mentrex AG en tant que marque ind\u00e9pendante \u00ab\u00a0Mentrex\u00a0\u00bb.<\/p>\n<\/div><\/div><\/div><div class=\"porto-history wpb_content_element \"><div class=\"featured-box\"><div class=\"box-content\"><h4 class=\"heading-primary\"><strong>2011<\/strong><\/h4><p><strong>Int\u00e9gration Frelaplast SA, K\u00f6niz<\/strong><\/p>\n<\/div><\/div><\/div><div class=\"porto-history wpb_content_element \"><div class=\"thumb\"><img loading=\"lazy\" decoding=\"async\" class=\"\" src=\"https:\/\/www.herbaplastic.ch\/wp-content\/uploads\/2018\/05\/slide_2-145x145.jpg\" width=\"145\" height=\"145\" alt=\"slide_2\" title=\"slide_2\" \/><\/div><div class=\"featured-box\"><div class=\"box-content\"><h4 class=\"heading-primary\"><strong>1995<\/strong><\/h4><p><strong>75\u00e8me anniversaire<\/strong><br \/>\nAboutissement des diff\u00e9rentes \u00e9tapes d\u2019expansion. Restructuration et extension de l\u2019entreprise dans les domaines de la protection et de la s\u00e9curit\u00e9.<\/p>\n<\/div><\/div><\/div><div class=\"porto-history wpb_content_element \" data-appear-animation=\"fadeInUp\"><div class=\"thumb\"><img loading=\"lazy\" decoding=\"async\" class=\"\" src=\"https:\/\/www.herbaplastic.ch\/wp-content\/uploads\/2018\/06\/img-logo-145x139.png\" width=\"145\" height=\"139\" alt=\"img-logo\" title=\"img-logo\" \/><\/div><div class=\"featured-box\"><div class=\"box-content\"><h4 class=\"heading-primary\"><strong>1983<\/strong><\/h4><p><strong>Constitution de la filiale Mentrex SA<br \/>\n<\/strong><a href=\"https:\/\/www.mentrex.ch\/\" target=\"_blank\" rel=\"noopener noreferrer\">Site Internet<\/a><\/p>\n<\/div><\/div><\/div><div class=\"porto-history wpb_content_element \" data-appear-animation=\"fadeInUp\"><div class=\"thumb\"><img loading=\"lazy\" decoding=\"async\" class=\"\" src=\"https:\/\/www.herbaplastic.ch\/wp-content\/uploads\/2020\/01\/Herba_1975-145x145.jpg\" width=\"145\" height=\"145\" alt=\"Herba_1975\" title=\"Herba_1975\" \/><\/div><div class=\"featured-box\"><div class=\"box-content\"><h4 class=\"heading-primary\"><strong>1975<\/strong><\/h4><p><strong>Herba-Plastic AG, Nunningen<\/strong><br \/>\nLa famille fondatrice redevient l\u2019unique propri\u00e9taire: Herba-Plastic AG. Il s\u2019en suit une p\u00e9riode de prosp\u00e9rit\u00e9 et de croissance.<\/p>\n<\/div><\/div><\/div><div class=\"porto-history wpb_content_element \" data-appear-animation=\"fadeInUp\"><div class=\"thumb\"><img loading=\"lazy\" decoding=\"async\" class=\"\" src=\"https:\/\/www.herbaplastic.ch\/wp-content\/uploads\/2018\/06\/herba1-140x115-antique.jpg\" width=\"140\" height=\"115\" alt=\"herba1-140x115-antique\" title=\"herba1-140x115-antique\" \/><\/div><div class=\"featured-box\"><div class=\"box-content\"><h4 class=\"heading-primary\"><strong>1945<\/strong><\/h4><p><strong>Kammfabrik Herba AG, Nunningen<\/strong><br \/>\nEn 1945, HERbert BAuer de Olten devient actionnaire majoritaire de la PME de Nunningen qui produit alors en sous-traitance des peignes pour la distribution internationale. L\u2019effondrement de ce secteur de fabrication conduit l\u2019entreprise \u00e0 se r\u00e9orienter en introduisant le soudage des mati\u00e8res plastiques en 1948 et le thermoformage en 1954.<\/p>\n<\/div><\/div><\/div><div class=\"porto-history wpb_content_element \" data-appear-animation=\"fadeInUp\"><div class=\"thumb\"><img loading=\"lazy\" decoding=\"async\" class=\"\" src=\"https:\/\/www.herbaplastic.ch\/wp-content\/uploads\/2018\/06\/HIST-270pi-antique-145x145.jpg\" width=\"145\" height=\"145\" alt=\"HIST-270pi-antique\" title=\"HIST-270pi-antique\" \/><\/div><div class=\"featured-box\"><div class=\"box-content\"><h4 class=\"heading-primary\"><strong>1920<\/strong><\/h4><p><strong>Usine de peignes et d\u2019articles en cellulo\u00efd AG<\/strong><br \/>\nL\u2019histoire de notre soci\u00e9t\u00e9 d\u00e9bute par la fabrication de peignes de coiffure et de peignes d\u00e9coratifs en cellulo\u00efd. D\u00e8s 1900, le cellulo\u00efd, une des premi\u00e8res mati\u00e8res plastiques (\u00c9tats-Unis 1869), f\u00fbt le mat\u00e9riau de pr\u00e9dilection des manufactures de peignes.<\/p>\n<\/div><\/div><\/div>[\/vc_column][vc_column width=\u00a0\u00bb1\/6&Prime;][\/vc_column][\/vc_row][vc_row full_width=\u00a0\u00bbstretch_row\u00a0\u00bb css=\u00a0\u00bb.vc_custom_1733151420158{margin-bottom: -40px !important;padding-left: 25px !important;background-color: #f4f4f4 !important;}\u00a0\u00bb conditional_render=\u00a0\u00bb%5B%7B%22value_role%22%3A%22administrator%22%7D%5D\u00a0\u00bb css_params=\u00a0\u00bb\u00a0\u00bb][vc_column width=\u00a0\u00bb1\/3&Prime; css=\u00a0\u00bb.vc_custom_1733151851199{margin-top: 25px !important;padding-left: 50px !important;}\u00a0\u00bb conditional_render=\u00a0\u00bb%5B%7B%22value_role%22%3A%22administrator%22%7D%5D\u00a0\u00bb css_params=\u00a0\u00bb\u00a0\u00bb][vc_custom_heading text=\u00a0\u00bbAnn\u00e9e fiscale\u00a0\u00bb font_container=\u00a0\u00bbtag:h4|text_align:left\u00a0\u00bb use_theme_fonts=\u00a0\u00bbyes\u00a0\u00bb]\t<style>\r\n\t\t.porto-blockquote5176d9d512a108bedf3e90bdf063d954 blockquote { border-color: #dd9933; }\r\n\t<\/style>\r\n\t<div class=\"porto-blockquote wpb_content_element  lead porto-blockquote5176d9d512a108bedf3e90bdf063d954\"><blockquote class=\"  \"><p>\n<ol>\n<li>mai &#8211; 30. avril<\/li>\n<\/ol>\n<p><\/p><\/blockquote><\/div>[\/vc_column][vc_column width=\u00a0\u00bb1\/3&Prime; css=\u00a0\u00bb.vc_custom_1589438324013{margin-top: 25px !important;}\u00a0\u00bb][vc_custom_heading text=\u00a0\u00bbR\u00e9gional\u00a0\u00bb font_container=\u00a0\u00bbtag:h4|text_align:left\u00a0\u00bb use_theme_fonts=\u00a0\u00bbyes\u00a0\u00bb]\t<style>\r\n\t\t.porto-blockquote5176d9d512a108bedf3e90bdf063d954 blockquote { border-color: #dd9933; }\r\n\t<\/style>\r\n\t<div class=\"porto-blockquote wpb_content_element  lead porto-blockquote5176d9d512a108bedf3e90bdf063d954\"><blockquote class=\"  \"><p>Notre effectif de 40 personnes issues des communes environnantes fait de notre entreprise un important employeur de la r\u00e9gion.<\/p><\/blockquote><\/div>[\/vc_column][vc_column width=\u00a0\u00bb1\/3&Prime; css=\u00a0\u00bb.vc_custom_1708099595400{margin-top: 25px !important;}\u00a0\u00bb conditional_render=\u00a0\u00bb%5B%7B%22value_role%22%3A%22administrator%22%7D%5D\u00a0\u00bb][vc_single_image image=\u00a0\u00bb2468&Prime; style=\u00a0\u00bbvc_box_shadow_border\u00a0\u00bb css=\u00a0\u00bb\u00a0\u00bb css_params=\u00a0\u00bb\u00a0\u00bb][vc_custom_heading text=\u00a0\u00bbMarkus Gasser\u00a0\u00bb font_container=\u00a0\u00bbtag:h5|text_align:left\u00a0\u00bb use_theme_fonts=\u00a0\u00bbyes\u00a0\u00bb css=\u00a0\u00bb.vc_custom_1733143907832{margin-top: -32px !important;}\u00a0\u00bb css_params=\u00a0\u00bb\u00a0\u00bb][vc_custom_heading text=\u00a0\u00bbCEO\u00a0\u00bb font_container=\u00a0\u00bbtag:h6|text_align:left\u00a0\u00bb use_theme_fonts=\u00a0\u00bbyes\u00a0\u00bb css=\u00a0\u00bb.vc_custom_1733143924779{margin-top: -15px !important;}\u00a0\u00bb css_params=\u00a0\u00bb\u00a0\u00bb][\/vc_column][\/vc_row]<\/p>\n<\/div>","protected":false},"excerpt":{"rendered":"<p>[vc_row full_width=\u00a0\u00bbstretch_row_content_no_spaces\u00a0\u00bb conditional_render=\u00a0\u00bb%5B%7B%22value_role%22%3A%22administrator%22%7D%5D\u00a0\u00bb css=\u00a0\u00bb.vc_custom_1733148836686{margin-top: -5px !important;}\u00a0\u00bb css_params=\u00a0\u00bb\u00a0\u00bb][vc_column][vc_single_image image=\u00a0\u00bb4809&Prime; img_size=\u00a0\u00bbfull\u00a0\u00bb css=\u00a0\u00bb\u00a0\u00bb css_params=\u00a0\u00bb\u00a0\u00bb][\/vc_column][\/vc_row][vc_row css=\u00a0\u00bb.vc_custom_1733151328124{padding-left: 25px !important;}\u00a0\u00bb conditional_render=\u00a0\u00bb%5B%7B%22value_role%22%3A%22administrator%22%7D%5D\u00a0\u00bb css_params=\u00a0\u00bb\u00a0\u00bb][vc_column][vc_custom_heading text=\u00a0\u00bbTradition et dynamisme\u00a0\u00bb font_container=\u00a0\u00bbtag:h1|text_align:left\u00a0\u00bb use_theme_fonts=\u00a0\u00bbyes\u00a0\u00bb css=\u00a0\u00bb\u00a0\u00bb css_params=\u00a0\u00bb\u00a0\u00bb][\/vc_column][\/vc_row][vc_row css=\u00a0\u00bb.vc_custom_1733151363458{padding-left: 50px !important;}\u00a0\u00bb conditional_render=\u00a0\u00bb%5B%7B%22value_role%22%3A%22administrator%22%7D%5D\u00a0\u00bb css_params=\u00a0\u00bb\u00a0\u00bb][vc_column][vc_wp_text] Nous sommes une PME familiale riche de sa tradition (fond\u00e9e en 1920) et sp\u00e9cialis\u00e9e dans la transformation des films et plaques de plastique. Notre cr\u00e9ativit\u00e9 et notre [&hellip;]<\/p>\n","protected":false},"author":1,"featured_media":0,"parent":0,"menu_order":0,"comment_status":"closed","ping_status":"closed","template":"","meta":{"footnotes":""},"class_list":["post-5077","page","type-page","status-publish","hentry"],"aioseo_notices":[],"_links":{"self":[{"href":"https:\/\/www.herbaplastic.ch\/fr\/wp-json\/wp\/v2\/pages\/5077","targetHints":{"allow":["GET"]}}],"collection":[{"href":"https:\/\/www.herbaplastic.ch\/fr\/wp-json\/wp\/v2\/pages"}],"about":[{"href":"https:\/\/www.herbaplastic.ch\/fr\/wp-json\/wp\/v2\/types\/page"}],"author":[{"embeddable":true,"href":"https:\/\/www.herbaplastic.ch\/fr\/wp-json\/wp\/v2\/users\/1"}],"replies":[{"embeddable":true,"href":"https:\/\/www.herbaplastic.ch\/fr\/wp-json\/wp\/v2\/comments?post=5077"}],"version-history":[{"count":7,"href":"https:\/\/www.herbaplastic.ch\/fr\/wp-json\/wp\/v2\/pages\/5077\/revisions"}],"predecessor-version":[{"id":5084,"href":"https:\/\/www.herbaplastic.ch\/fr\/wp-json\/wp\/v2\/pages\/5077\/revisions\/5084"}],"wp:attachment":[{"href":"https:\/\/www.herbaplastic.ch\/fr\/wp-json\/wp\/v2\/media?parent=5077"}],"curies":[{"name":"wp","href":"https:\/\/api.w.org\/{rel}","templated":true}]}}